{"id":3140,"date":"2023-09-18T15:24:48","date_gmt":"2023-09-18T13:24:48","guid":{"rendered":"https:\/\/trautwein-gmbh.com\/portfolio-item\/centre-de-reeducation-de-bad-bocklet\/"},"modified":"2023-10-10T15:50:02","modified_gmt":"2023-10-10T13:50:02","slug":"centre-de-reeducation-de-bad-bocklet","status":"publish","type":"portfolio","link":"https:\/\/trautwein-gmbh.com\/fr\/portfolio-item\/centre-de-reeducation-de-bad-bocklet\/","title":{"rendered":"Centre de r\u00e9\u00e9ducation de Bad Bocklet"},"content":{"rendered":"<div class='flex_column_table av-lmovf0hj-6007b0051f07575ab96cb18a2477b96b sc-av_one_third av-equal-height-column-flextable'><div  class='flex_column av-lmovf0hj-6007b0051f07575ab96cb18a2477b96b av_one_third  avia-builder-el-0  el_before_av_two_third  avia-builder-el-first  first flex_column_table_cell av-equal-height-column av-align-middle  '     ><style type=\"text\/css\" data-created_by=\"avia_inline_auto\" id=\"style-css-av-lmovd5dy-8be6e53ecc8dd236fddd7ba83c643114\">\n#top .avia-gallery.av-lmovd5dy-8be6e53ecc8dd236fddd7ba83c643114 .avia-gallery-thumb a{\nwidth:25%;\n}\n<\/style>\n<div  class='avia-gallery av-lmovd5dy-8be6e53ecc8dd236fddd7ba83c643114 avia_animate_when_visible  avia-builder-el-1  avia-builder-el-no-sibling  avia_lazyload av-slideshow-ui av-loop-manual-endless av-control-hidden av-navigate-arrows av-navigate-dots hover-effect av-control-hidden avia-gallery-animate avia-gallery-1'  itemprop=\"image\" itemscope=\"itemscope\" itemtype=\"https:\/\/schema.org\/ImageObject\" ><meta itemprop=\"contentURL\" content=\"https:\/\/trautwein-gmbh.com\/fr\/portfolio-item\/centre-de-reeducation-de-bad-bocklet\/\"><a class='avia-gallery-big fakeLightbox lightbox avia-gallery-big-crop-thumb ' href=\"https:\/\/trautwein-gmbh.com\/wp-content\/uploads\/2023\/09\/tw-referenzen-badbocklet1.jpg\" data-srcset=\"https:\/\/trautwein-gmbh.com\/wp-content\/uploads\/2023\/09\/tw-referenzen-badbocklet1.jpg 1000w, https:\/\/trautwein-gmbh.com\/wp-content\/uploads\/2023\/09\/tw-referenzen-badbocklet1-300x225.jpg 300w, https:\/\/trautwein-gmbh.com\/wp-content\/uploads\/2023\/09\/tw-referenzen-badbocklet1-768x576.jpg 768w, https:\/\/trautwein-gmbh.com\/wp-content\/uploads\/2023\/09\/tw-referenzen-badbocklet1-705x529.jpg 705w\" data-sizes=\"(max-width: 1000px) 100vw, 1000px\"  data-onclick='1' title='tw-referenzen-badbocklet1' ><span class='avia-gallery-big-inner'  itemprop=\"thumbnailUrl\" ><img decoding=\"async\" fetchpriority=\"high\" class=\"wp-image-3747 avia-img-lazy-loading-not-3747\"  width=\"495\" height=\"400\" src=\"https:\/\/trautwein-gmbh.com\/wp-content\/uploads\/2023\/09\/tw-referenzen-badbocklet1-495x400.jpg\" title='tw-referenzen-badbocklet1' alt='' srcset=\"https:\/\/trautwein-gmbh.com\/wp-content\/uploads\/2023\/09\/tw-referenzen-badbocklet1-495x400.jpg 495w, https:\/\/trautwein-gmbh.com\/wp-content\/uploads\/2023\/09\/tw-referenzen-badbocklet1-845x684.jpg 845w\" sizes=\"(max-width: 495px) 100vw, 495px\" \/><\/span><\/a><div class='avia-gallery-thumb'><a href=\"https:\/\/trautwein-gmbh.com\/wp-content\/uploads\/2023\/09\/tw-referenzen-badbocklet1.jpg\" data-srcset=\"https:\/\/trautwein-gmbh.com\/wp-content\/uploads\/2023\/09\/tw-referenzen-badbocklet1.jpg 1000w, https:\/\/trautwein-gmbh.com\/wp-content\/uploads\/2023\/09\/tw-referenzen-badbocklet1-300x225.jpg 300w, https:\/\/trautwein-gmbh.com\/wp-content\/uploads\/2023\/09\/tw-referenzen-badbocklet1-768x576.jpg 768w, https:\/\/trautwein-gmbh.com\/wp-content\/uploads\/2023\/09\/tw-referenzen-badbocklet1-705x529.jpg 705w\" data-sizes=\"(max-width: 1000px) 100vw, 1000px\" data-rel='gallery-1' data-prev-img='https:\/\/trautwein-gmbh.com\/wp-content\/uploads\/2023\/09\/tw-referenzen-badbocklet1-495x400.jpg' class='first_thumb lightbox ' data-onclick='1' title='tw-referenzen-badbocklet1'  itemprop=\"thumbnailUrl\"  ><img decoding=\"async\" fetchpriority=\"high\" class=\"wp-image-3747 avia-img-lazy-loading-not-3747\"   src=\"https:\/\/trautwein-gmbh.com\/wp-content\/uploads\/2023\/09\/tw-referenzen-badbocklet1-495x400.jpg\" width=\"495\" height=\"400\"  title='tw-referenzen-badbocklet1' alt='' srcset=\"https:\/\/trautwein-gmbh.com\/wp-content\/uploads\/2023\/09\/tw-referenzen-badbocklet1-495x400.jpg 495w, https:\/\/trautwein-gmbh.com\/wp-content\/uploads\/2023\/09\/tw-referenzen-badbocklet1-845x684.jpg 845w\" sizes=\"(max-width: 495px) 100vw, 495px\" \/><div class='big-prev-fake'><img decoding=\"async\" loading=\"lazy\" class=\"wp-image-3747 avia-img-lazy-loading-3747\"  width=\"495\" height=\"400\" src=\"https:\/\/trautwein-gmbh.com\/wp-content\/uploads\/2023\/09\/tw-referenzen-badbocklet1-495x400.jpg\" title='tw-referenzen-badbocklet1' alt='' srcset=\"https:\/\/trautwein-gmbh.com\/wp-content\/uploads\/2023\/09\/tw-referenzen-badbocklet1-495x400.jpg 495w, https:\/\/trautwein-gmbh.com\/wp-content\/uploads\/2023\/09\/tw-referenzen-badbocklet1-845x684.jpg 845w\" sizes=\"auto, (max-width: 495px) 100vw, 495px\" \/><\/div><\/a><a href=\"https:\/\/trautwein-gmbh.com\/wp-content\/uploads\/2023\/09\/tw-referenzen-badbocklet2.jpg\" data-srcset=\"https:\/\/trautwein-gmbh.com\/wp-content\/uploads\/2023\/09\/tw-referenzen-badbocklet2.jpg 1000w, https:\/\/trautwein-gmbh.com\/wp-content\/uploads\/2023\/09\/tw-referenzen-badbocklet2-300x225.jpg 300w, https:\/\/trautwein-gmbh.com\/wp-content\/uploads\/2023\/09\/tw-referenzen-badbocklet2-768x576.jpg 768w, https:\/\/trautwein-gmbh.com\/wp-content\/uploads\/2023\/09\/tw-referenzen-badbocklet2-705x529.jpg 705w\" data-sizes=\"(max-width: 1000px) 100vw, 1000px\" data-rel='gallery-1' data-prev-img='https:\/\/trautwein-gmbh.com\/wp-content\/uploads\/2023\/09\/tw-referenzen-badbocklet2-495x400.jpg' class='lightbox ' data-onclick='2' title='tw-referenzen-badbocklet2'  itemprop=\"thumbnailUrl\"  ><img decoding=\"async\" fetchpriority=\"high\" class=\"wp-image-3750 avia-img-lazy-loading-not-3750\"   src=\"https:\/\/trautwein-gmbh.com\/wp-content\/uploads\/2023\/09\/tw-referenzen-badbocklet2-495x400.jpg\" width=\"495\" height=\"400\"  title='tw-referenzen-badbocklet2' alt='' srcset=\"https:\/\/trautwein-gmbh.com\/wp-content\/uploads\/2023\/09\/tw-referenzen-badbocklet2-495x400.jpg 495w, https:\/\/trautwein-gmbh.com\/wp-content\/uploads\/2023\/09\/tw-referenzen-badbocklet2-845x684.jpg 845w\" sizes=\"(max-width: 495px) 100vw, 495px\" \/><div class='big-prev-fake'><img decoding=\"async\" loading=\"lazy\" class=\"wp-image-3750 avia-img-lazy-loading-3750\"  width=\"495\" height=\"400\" src=\"https:\/\/trautwein-gmbh.com\/wp-content\/uploads\/2023\/09\/tw-referenzen-badbocklet2-495x400.jpg\" title='tw-referenzen-badbocklet2' alt='' srcset=\"https:\/\/trautwein-gmbh.com\/wp-content\/uploads\/2023\/09\/tw-referenzen-badbocklet2-495x400.jpg 495w, https:\/\/trautwein-gmbh.com\/wp-content\/uploads\/2023\/09\/tw-referenzen-badbocklet2-845x684.jpg 845w\" sizes=\"auto, (max-width: 495px) 100vw, 495px\" \/><\/div><\/a><a href=\"https:\/\/trautwein-gmbh.com\/wp-content\/uploads\/2023\/09\/tw-referenzen-badbocklet3.jpg\" data-srcset=\"https:\/\/trautwein-gmbh.com\/wp-content\/uploads\/2023\/09\/tw-referenzen-badbocklet3.jpg 1000w, https:\/\/trautwein-gmbh.com\/wp-content\/uploads\/2023\/09\/tw-referenzen-badbocklet3-300x225.jpg 300w, https:\/\/trautwein-gmbh.com\/wp-content\/uploads\/2023\/09\/tw-referenzen-badbocklet3-768x576.jpg 768w, https:\/\/trautwein-gmbh.com\/wp-content\/uploads\/2023\/09\/tw-referenzen-badbocklet3-705x529.jpg 705w\" data-sizes=\"(max-width: 1000px) 100vw, 1000px\" data-rel='gallery-1' data-prev-img='https:\/\/trautwein-gmbh.com\/wp-content\/uploads\/2023\/09\/tw-referenzen-badbocklet3-495x400.jpg' class='lightbox ' data-onclick='3' title='tw-referenzen-badbocklet3'  itemprop=\"thumbnailUrl\"  ><img decoding=\"async\" fetchpriority=\"high\" class=\"wp-image-3753 avia-img-lazy-loading-not-3753\"   src=\"https:\/\/trautwein-gmbh.com\/wp-content\/uploads\/2023\/09\/tw-referenzen-badbocklet3-495x400.jpg\" width=\"495\" height=\"400\"  title='tw-referenzen-badbocklet3' alt='' srcset=\"https:\/\/trautwein-gmbh.com\/wp-content\/uploads\/2023\/09\/tw-referenzen-badbocklet3-495x400.jpg 495w, https:\/\/trautwein-gmbh.com\/wp-content\/uploads\/2023\/09\/tw-referenzen-badbocklet3-845x684.jpg 845w\" sizes=\"(max-width: 495px) 100vw, 495px\" \/><div class='big-prev-fake'><img decoding=\"async\" loading=\"lazy\" class=\"wp-image-3753 avia-img-lazy-loading-3753\"  width=\"495\" height=\"400\" src=\"https:\/\/trautwein-gmbh.com\/wp-content\/uploads\/2023\/09\/tw-referenzen-badbocklet3-495x400.jpg\" title='tw-referenzen-badbocklet3' alt='' srcset=\"https:\/\/trautwein-gmbh.com\/wp-content\/uploads\/2023\/09\/tw-referenzen-badbocklet3-495x400.jpg 495w, https:\/\/trautwein-gmbh.com\/wp-content\/uploads\/2023\/09\/tw-referenzen-badbocklet3-845x684.jpg 845w\" sizes=\"auto, (max-width: 495px) 100vw, 495px\" \/><\/div><\/a><a href=\"https:\/\/trautwein-gmbh.com\/wp-content\/uploads\/2023\/09\/tw-referenzen-badbocklet4.jpg\" data-srcset=\"https:\/\/trautwein-gmbh.com\/wp-content\/uploads\/2023\/09\/tw-referenzen-badbocklet4.jpg 1000w, https:\/\/trautwein-gmbh.com\/wp-content\/uploads\/2023\/09\/tw-referenzen-badbocklet4-300x225.jpg 300w, https:\/\/trautwein-gmbh.com\/wp-content\/uploads\/2023\/09\/tw-referenzen-badbocklet4-768x576.jpg 768w, https:\/\/trautwein-gmbh.com\/wp-content\/uploads\/2023\/09\/tw-referenzen-badbocklet4-705x529.jpg 705w\" data-sizes=\"(max-width: 1000px) 100vw, 1000px\" data-rel='gallery-1' data-prev-img='https:\/\/trautwein-gmbh.com\/wp-content\/uploads\/2023\/09\/tw-referenzen-badbocklet4-495x400.jpg' class='lightbox ' data-onclick='4' title='tw-referenzen-badbocklet4'  itemprop=\"thumbnailUrl\"  ><img decoding=\"async\" fetchpriority=\"high\" class=\"wp-image-3756 avia-img-lazy-loading-not-3756\"   src=\"https:\/\/trautwein-gmbh.com\/wp-content\/uploads\/2023\/09\/tw-referenzen-badbocklet4-495x400.jpg\" width=\"495\" height=\"400\"  title='tw-referenzen-badbocklet4' alt='' srcset=\"https:\/\/trautwein-gmbh.com\/wp-content\/uploads\/2023\/09\/tw-referenzen-badbocklet4-495x400.jpg 495w, https:\/\/trautwein-gmbh.com\/wp-content\/uploads\/2023\/09\/tw-referenzen-badbocklet4-845x684.jpg 845w\" sizes=\"(max-width: 495px) 100vw, 495px\" \/><div class='big-prev-fake'><img decoding=\"async\" loading=\"lazy\" class=\"wp-image-3756 avia-img-lazy-loading-3756\"  width=\"495\" height=\"400\" src=\"https:\/\/trautwein-gmbh.com\/wp-content\/uploads\/2023\/09\/tw-referenzen-badbocklet4-495x400.jpg\" title='tw-referenzen-badbocklet4' alt='' srcset=\"https:\/\/trautwein-gmbh.com\/wp-content\/uploads\/2023\/09\/tw-referenzen-badbocklet4-495x400.jpg 495w, https:\/\/trautwein-gmbh.com\/wp-content\/uploads\/2023\/09\/tw-referenzen-badbocklet4-845x684.jpg 845w\" sizes=\"auto, (max-width: 495px) 100vw, 495px\" \/><\/div><\/a><\/div><\/div><\/div><div class='av-flex-placeholder'><\/div><div  class='flex_column av-359ylg-7d0a6b2bbd36cb667edb0db7416d097b av_two_third  avia-builder-el-2  el_after_av_one_third  avia-builder-el-last  flex_column_table_cell av-equal-height-column av-align-middle  '     ><section  class='av_textblock_section av-lmovdrzd-3d60b1a72cb8d578df72ac6a6c0fa206 '   itemscope=\"itemscope\" itemtype=\"https:\/\/schema.org\/CreativeWork\" ><div class='avia_textblock'  itemprop=\"text\" ><h3>CENTRE DE R\u00c9\u00c9DUCATION DE BAD BOCLKET<\/h3>\n<p>Le centre de r\u00e9\u00e9ducation dispose d&rsquo;un contrat de soins conform\u00e9ment \u00e0 l&rsquo;article 111 du Code social allemand (SGB V) et est couvert par les organismes d&rsquo;assurance pension ainsi que par les caisses d&rsquo;assurance maladie obligatoires. L&rsquo;\u00e9tablissement hospitalier priv\u00e9 est titulaire d&rsquo;une concession conform\u00e9ment au \u00a7 30 du code du commerce. Dans le cadre de l&rsquo;assurance qualit\u00e9, le centre de r\u00e9\u00e9ducation participe \u00e0 la proc\u00e9dure de Peer Review de la DRV et est en outre certifi\u00e9 ISO 9001:2008 et QMS-Reha\u00ae.<\/p>\n<p>Parksanatorium Bad Bocklet GmbH &amp; Co. KG<br \/>\n36, rue de la Franconie<br \/>\n97708 Bad Bocklet<\/p>\n<p>T\u00e9l. 09708 &#8211; 79 0<\/p>\n<p>info@rehazentrum-bb.de<\/p>\n<p><a href=\"http:\/\/www.rehazentrum-bb.de\" target=\"_blank\" rel=\"noopener\">www.rehazentrum-bb.de<\/a><\/p>\n<p><strong>Le centre de r\u00e9\u00e9ducation et de pr\u00e9vention de Bad Bocklet<\/strong>,<br \/>\nse compose des cliniques de r\u00e9\u00e9ducation pour<\/p>\n<ul>\n<li>M\u00e9decine interne\/oncologie<\/li>\n<li>Urologie\/Andrologie<\/li>\n<li>Orthop\u00e9die<\/li>\n<li>Psychosomatique<\/li>\n<li>G\u00e9riatrie<\/li>\n<li>Centre de pr\u00e9vention<\/li>\n<\/ul>\n<p>ainsi que le Parkhotel qui y est directement rattach\u00e9.<\/p>\n<p>Les cliniques traitent respectivement les traitements de soins de suite (AHB) et les mesures de r\u00e9\u00e9ducation (l\u00e9gales ou priv\u00e9es). Le centre de pr\u00e9vention propose des programmes de pr\u00e9vention subventionn\u00e9s par l&rsquo;assurance maladie et le Parkhotel offre des possibilit\u00e9s d&rsquo;h\u00e9bergement aux curistes et aux familles des patients.<\/p>\n<p>La particularit\u00e9 de l&rsquo;\u00e9tablissement r\u00e9side dans les domaines de diagnostic et de th\u00e9rapie utilis\u00e9s de mani\u00e8re interdisciplinaire, qui permettent d&rsquo;offrir un large \u00e9ventail de prestations.<\/p>\n<p>L&rsquo;\u00e9tablissement propose diff\u00e9rents espaces pour les patients et les vacanciers de sant\u00e9, leurs accompagnateurs et leurs enfants. Nous comprenons notre travail en nous appuyant sur des connaissances avanc\u00e9es qui ont fait leurs preuves, en utilisant des appareils modernes et en \u00e9tant convaincus que la sant\u00e9 englobe tout l&rsquo;\u00eatre humain. Un r\u00e9seau \u00e9troit et une bonne collaboration avec les h\u00f4pitaux de soins aigus des environs compl\u00e8tent notre large \u00e9ventail m\u00e9dical.<\/p>\n<\/div><\/section><\/div><\/div><!--close column table wrapper. Autoclose: 1 --><\/p>\n","protected":false},"excerpt":{"rendered":"","protected":false},"author":5,"featured_media":3759,"comment_status":"closed","ping_status":"closed","template":"","meta":{"footnotes":""},"tags":[],"portfolio_entries":[29],"class_list":["post-3140","portfolio","type-portfolio","status-publish","has-post-thumbnail","hentry","portfolio_entries-therapie-physique"],"yoast_head":"<!-- This site is optimized with the Yoast SEO plugin v27.5 - https:\/\/yoast.com\/product\/yoast-seo-wordpress\/ -->\n<title>Centre de r\u00e9\u00e9ducation de Bad Bocklet - Trautwein GmbH<\/title>\n<meta name=\"robots\" content=\"index, follow, max-snippet:-1, max-image-preview:large, max-video-preview:-1\" \/>\n<link rel=\"canonical\" href=\"https:\/\/trautwein-gmbh.com\/fr\/portfolio-item\/centre-de-reeducation-de-bad-bocklet\/\" \/>\n<meta property=\"og:locale\" content=\"fr_FR\" \/>\n<meta property=\"og:type\" content=\"article\" \/>\n<meta property=\"og:title\" content=\"Centre de r\u00e9\u00e9ducation de Bad Bocklet - Trautwein GmbH\" \/>\n<meta property=\"og:url\" content=\"https:\/\/trautwein-gmbh.com\/fr\/portfolio-item\/centre-de-reeducation-de-bad-bocklet\/\" \/>\n<meta property=\"og:site_name\" content=\"Trautwein GmbH\" \/>\n<meta property=\"article:publisher\" content=\"https:\/\/www.facebook.com\/trautweingmbhemmendingen\" \/>\n<meta property=\"article:modified_time\" content=\"2023-10-10T13:50:02+00:00\" \/>\n<meta property=\"og:image\" content=\"https:\/\/trautwein-gmbh.com\/wp-content\/uploads\/2023\/09\/tw-referenzen-badbocklet.jpg\" \/>\n\t<meta property=\"og:image:width\" content=\"600\" \/>\n\t<meta property=\"og:image:height\" content=\"450\" \/>\n\t<meta property=\"og:image:type\" content=\"image\/jpeg\" \/>\n<meta name=\"twitter:card\" content=\"summary_large_image\" \/>\n<meta name=\"twitter:label1\" content=\"Dur\u00e9e de lecture estim\u00e9e\" \/>\n\t<meta name=\"twitter:data1\" content=\"6 minutes\" \/>\n<script type=\"application\/ld+json\" class=\"yoast-schema-graph\">{\"@context\":\"https:\\\/\\\/schema.org\",\"@graph\":[{\"@type\":\"WebPage\",\"@id\":\"https:\\\/\\\/trautwein-gmbh.com\\\/fr\\\/portfolio-item\\\/centre-de-reeducation-de-bad-bocklet\\\/\",\"url\":\"https:\\\/\\\/trautwein-gmbh.com\\\/fr\\\/portfolio-item\\\/centre-de-reeducation-de-bad-bocklet\\\/\",\"name\":\"Centre de r\u00e9\u00e9ducation de Bad Bocklet - Trautwein GmbH\",\"isPartOf\":{\"@id\":\"https:\\\/\\\/trautwein-gmbh.com\\\/#website\"},\"primaryImageOfPage\":{\"@id\":\"https:\\\/\\\/trautwein-gmbh.com\\\/fr\\\/portfolio-item\\\/centre-de-reeducation-de-bad-bocklet\\\/#primaryimage\"},\"image\":{\"@id\":\"https:\\\/\\\/trautwein-gmbh.com\\\/fr\\\/portfolio-item\\\/centre-de-reeducation-de-bad-bocklet\\\/#primaryimage\"},\"thumbnailUrl\":\"https:\\\/\\\/trautwein-gmbh.com\\\/wp-content\\\/uploads\\\/2023\\\/09\\\/tw-referenzen-badbocklet.jpg\",\"datePublished\":\"2023-09-18T13:24:48+00:00\",\"dateModified\":\"2023-10-10T13:50:02+00:00\",\"breadcrumb\":{\"@id\":\"https:\\\/\\\/trautwein-gmbh.com\\\/fr\\\/portfolio-item\\\/centre-de-reeducation-de-bad-bocklet\\\/#breadcrumb\"},\"inLanguage\":\"fr-FR\",\"potentialAction\":[{\"@type\":\"ReadAction\",\"target\":[\"https:\\\/\\\/trautwein-gmbh.com\\\/fr\\\/portfolio-item\\\/centre-de-reeducation-de-bad-bocklet\\\/\"]}]},{\"@type\":\"ImageObject\",\"inLanguage\":\"fr-FR\",\"@id\":\"https:\\\/\\\/trautwein-gmbh.com\\\/fr\\\/portfolio-item\\\/centre-de-reeducation-de-bad-bocklet\\\/#primaryimage\",\"url\":\"https:\\\/\\\/trautwein-gmbh.com\\\/wp-content\\\/uploads\\\/2023\\\/09\\\/tw-referenzen-badbocklet.jpg\",\"contentUrl\":\"https:\\\/\\\/trautwein-gmbh.com\\\/wp-content\\\/uploads\\\/2023\\\/09\\\/tw-referenzen-badbocklet.jpg\",\"width\":600,\"height\":450},{\"@type\":\"BreadcrumbList\",\"@id\":\"https:\\\/\\\/trautwein-gmbh.com\\\/fr\\\/portfolio-item\\\/centre-de-reeducation-de-bad-bocklet\\\/#breadcrumb\",\"itemListElement\":[{\"@type\":\"ListItem\",\"position\":1,\"name\":\"Startseite\",\"item\":\"https:\\\/\\\/trautwein-gmbh.com\\\/fr\\\/accueil\\\/\"},{\"@type\":\"ListItem\",\"position\":2,\"name\":\"Centre de r\u00e9\u00e9ducation de Bad Bocklet\"}]},{\"@type\":\"WebSite\",\"@id\":\"https:\\\/\\\/trautwein-gmbh.com\\\/#website\",\"url\":\"https:\\\/\\\/trautwein-gmbh.com\\\/\",\"name\":\"Trautwein GmbH\",\"description\":\"\",\"publisher\":{\"@id\":\"https:\\\/\\\/trautwein-gmbh.com\\\/#organization\"},\"potentialAction\":[{\"@type\":\"SearchAction\",\"target\":{\"@type\":\"EntryPoint\",\"urlTemplate\":\"https:\\\/\\\/trautwein-gmbh.com\\\/?s={search_term_string}\"},\"query-input\":{\"@type\":\"PropertyValueSpecification\",\"valueRequired\":true,\"valueName\":\"search_term_string\"}}],\"inLanguage\":\"fr-FR\"},{\"@type\":\"Organization\",\"@id\":\"https:\\\/\\\/trautwein-gmbh.com\\\/#organization\",\"name\":\"Trautwein GmbH\",\"url\":\"https:\\\/\\\/trautwein-gmbh.com\\\/\",\"logo\":{\"@type\":\"ImageObject\",\"inLanguage\":\"fr-FR\",\"@id\":\"https:\\\/\\\/trautwein-gmbh.com\\\/#\\\/schema\\\/logo\\\/image\\\/\",\"url\":\"https:\\\/\\\/trautwein-gmbh.com\\\/wp-content\\\/uploads\\\/2023\\\/09\\\/trautwein-logo-nospace.png\",\"contentUrl\":\"https:\\\/\\\/trautwein-gmbh.com\\\/wp-content\\\/uploads\\\/2023\\\/09\\\/trautwein-logo-nospace.png\",\"width\":340,\"height\":86,\"caption\":\"Trautwein GmbH\"},\"image\":{\"@id\":\"https:\\\/\\\/trautwein-gmbh.com\\\/#\\\/schema\\\/logo\\\/image\\\/\"},\"sameAs\":[\"https:\\\/\\\/www.facebook.com\\\/trautweingmbhemmendingen\",\"https:\\\/\\\/www.instagram.com\\\/trautweingmbh1928\"]}]}<\/script>\n<!-- \/ Yoast SEO plugin. -->","yoast_head_json":{"title":"Centre de r\u00e9\u00e9ducation de Bad Bocklet - Trautwein GmbH","robots":{"index":"index","follow":"follow","max-snippet":"max-snippet:-1","max-image-preview":"max-image-preview:large","max-video-preview":"max-video-preview:-1"},"canonical":"https:\/\/trautwein-gmbh.com\/fr\/portfolio-item\/centre-de-reeducation-de-bad-bocklet\/","og_locale":"fr_FR","og_type":"article","og_title":"Centre de r\u00e9\u00e9ducation de Bad Bocklet - Trautwein GmbH","og_url":"https:\/\/trautwein-gmbh.com\/fr\/portfolio-item\/centre-de-reeducation-de-bad-bocklet\/","og_site_name":"Trautwein GmbH","article_publisher":"https:\/\/www.facebook.com\/trautweingmbhemmendingen","article_modified_time":"2023-10-10T13:50:02+00:00","og_image":[{"width":600,"height":450,"url":"https:\/\/trautwein-gmbh.com\/wp-content\/uploads\/2023\/09\/tw-referenzen-badbocklet.jpg","type":"image\/jpeg"}],"twitter_card":"summary_large_image","twitter_misc":{"Dur\u00e9e de lecture estim\u00e9e":"6 minutes"},"schema":{"@context":"https:\/\/schema.org","@graph":[{"@type":"WebPage","@id":"https:\/\/trautwein-gmbh.com\/fr\/portfolio-item\/centre-de-reeducation-de-bad-bocklet\/","url":"https:\/\/trautwein-gmbh.com\/fr\/portfolio-item\/centre-de-reeducation-de-bad-bocklet\/","name":"Centre de r\u00e9\u00e9ducation de Bad Bocklet - Trautwein GmbH","isPartOf":{"@id":"https:\/\/trautwein-gmbh.com\/#website"},"primaryImageOfPage":{"@id":"https:\/\/trautwein-gmbh.com\/fr\/portfolio-item\/centre-de-reeducation-de-bad-bocklet\/#primaryimage"},"image":{"@id":"https:\/\/trautwein-gmbh.com\/fr\/portfolio-item\/centre-de-reeducation-de-bad-bocklet\/#primaryimage"},"thumbnailUrl":"https:\/\/trautwein-gmbh.com\/wp-content\/uploads\/2023\/09\/tw-referenzen-badbocklet.jpg","datePublished":"2023-09-18T13:24:48+00:00","dateModified":"2023-10-10T13:50:02+00:00","breadcrumb":{"@id":"https:\/\/trautwein-gmbh.com\/fr\/portfolio-item\/centre-de-reeducation-de-bad-bocklet\/#breadcrumb"},"inLanguage":"fr-FR","potentialAction":[{"@type":"ReadAction","target":["https:\/\/trautwein-gmbh.com\/fr\/portfolio-item\/centre-de-reeducation-de-bad-bocklet\/"]}]},{"@type":"ImageObject","inLanguage":"fr-FR","@id":"https:\/\/trautwein-gmbh.com\/fr\/portfolio-item\/centre-de-reeducation-de-bad-bocklet\/#primaryimage","url":"https:\/\/trautwein-gmbh.com\/wp-content\/uploads\/2023\/09\/tw-referenzen-badbocklet.jpg","contentUrl":"https:\/\/trautwein-gmbh.com\/wp-content\/uploads\/2023\/09\/tw-referenzen-badbocklet.jpg","width":600,"height":450},{"@type":"BreadcrumbList","@id":"https:\/\/trautwein-gmbh.com\/fr\/portfolio-item\/centre-de-reeducation-de-bad-bocklet\/#breadcrumb","itemListElement":[{"@type":"ListItem","position":1,"name":"Startseite","item":"https:\/\/trautwein-gmbh.com\/fr\/accueil\/"},{"@type":"ListItem","position":2,"name":"Centre de r\u00e9\u00e9ducation de Bad Bocklet"}]},{"@type":"WebSite","@id":"https:\/\/trautwein-gmbh.com\/#website","url":"https:\/\/trautwein-gmbh.com\/","name":"Trautwein GmbH","description":"","publisher":{"@id":"https:\/\/trautwein-gmbh.com\/#organization"},"potentialAction":[{"@type":"SearchAction","target":{"@type":"EntryPoint","urlTemplate":"https:\/\/trautwein-gmbh.com\/?s={search_term_string}"},"query-input":{"@type":"PropertyValueSpecification","valueRequired":true,"valueName":"search_term_string"}}],"inLanguage":"fr-FR"},{"@type":"Organization","@id":"https:\/\/trautwein-gmbh.com\/#organization","name":"Trautwein GmbH","url":"https:\/\/trautwein-gmbh.com\/","logo":{"@type":"ImageObject","inLanguage":"fr-FR","@id":"https:\/\/trautwein-gmbh.com\/#\/schema\/logo\/image\/","url":"https:\/\/trautwein-gmbh.com\/wp-content\/uploads\/2023\/09\/trautwein-logo-nospace.png","contentUrl":"https:\/\/trautwein-gmbh.com\/wp-content\/uploads\/2023\/09\/trautwein-logo-nospace.png","width":340,"height":86,"caption":"Trautwein GmbH"},"image":{"@id":"https:\/\/trautwein-gmbh.com\/#\/schema\/logo\/image\/"},"sameAs":["https:\/\/www.facebook.com\/trautweingmbhemmendingen","https:\/\/www.instagram.com\/trautweingmbh1928"]}]}},"_links":{"self":[{"href":"https:\/\/trautwein-gmbh.com\/fr\/wp-json\/wp\/v2\/portfolio\/3140","targetHints":{"allow":["GET"]}}],"collection":[{"href":"https:\/\/trautwein-gmbh.com\/fr\/wp-json\/wp\/v2\/portfolio"}],"about":[{"href":"https:\/\/trautwein-gmbh.com\/fr\/wp-json\/wp\/v2\/types\/portfolio"}],"author":[{"embeddable":true,"href":"https:\/\/trautwein-gmbh.com\/fr\/wp-json\/wp\/v2\/users\/5"}],"replies":[{"embeddable":true,"href":"https:\/\/trautwein-gmbh.com\/fr\/wp-json\/wp\/v2\/comments?post=3140"}],"version-history":[{"count":6,"href":"https:\/\/trautwein-gmbh.com\/fr\/wp-json\/wp\/v2\/portfolio\/3140\/revisions"}],"predecessor-version":[{"id":3928,"href":"https:\/\/trautwein-gmbh.com\/fr\/wp-json\/wp\/v2\/portfolio\/3140\/revisions\/3928"}],"wp:featuredmedia":[{"embeddable":true,"href":"https:\/\/trautwein-gmbh.com\/fr\/wp-json\/wp\/v2\/media\/3759"}],"wp:attachment":[{"href":"https:\/\/trautwein-gmbh.com\/fr\/wp-json\/wp\/v2\/media?parent=3140"}],"wp:term":[{"taxonomy":"post_tag","embeddable":true,"href":"https:\/\/trautwein-gmbh.com\/fr\/wp-json\/wp\/v2\/tags?post=3140"},{"taxonomy":"portfolio_entries","embeddable":true,"href":"https:\/\/trautwein-gmbh.com\/fr\/wp-json\/wp\/v2\/portfolio_entries?post=3140"}],"curies":[{"name":"wp","href":"https:\/\/api.w.org\/{rel}","templated":true}]}}